{"id":26,"date":"2023-07-06T09:23:38","date_gmt":"2023-07-06T09:23:38","guid":{"rendered":"https:\/\/www.edih-rheinland.eu\/?page_id=26"},"modified":"2025-07-24T09:04:53","modified_gmt":"2025-07-24T09:04:53","slug":"news","status":"publish","type":"page","link":"https:\/\/www.edih-rheinland.eu\/en\/news\/","title":{"rendered":"News"},"content":{"rendered":"<p><div class=\"fusion-fullwidth fullwidth-box fusion-builder-row-1 fusion-flex-container has-pattern-background has-mask-background nonhundred-percent-fullwidth non-hundred-percent-height-scrolling\" style=\"--awb-border-radius-top-left:0px;--awb-border-radius-top-right:0px;--awb-border-radius-bottom-right:0px;--awb-border-radius-bottom-left:0px;--awb-padding-top:0px;--awb-margin-top:0px;--awb-background-color:var(--awb-color5);--awb-flex-wrap:wrap;\" ><div class=\"fusion-builder-row fusion-row fusion-flex-align-items-center fusion-flex-content-wrap\" style=\"max-width:1456px;margin-left: calc(-4% \/ 2 );margin-right: calc(-4% \/ 2 );\"><div class=\"fusion-layout-column fusion_builder_column fusion-builder-column-0 fusion_builder_column_1_2 1_2 fusion-flex-column fusion-flex-align-self-center\" style=\"--awb-bg-size:cover;--awb-width-large:50%;--awb-margin-top-large:0px;--awb-spacing-right-large:3.84%;--awb-margin-bottom-large:20px;--awb-spacing-left-large:3.84%;--awb-width-medium:100%;--awb-order-medium:2;--awb-margin-top-medium:8%;--awb-spacing-right-medium:1.92%;--awb-spacing-left-medium:1.92%;--awb-width-small:100%;--awb-order-small:2;--awb-spacing-right-small:1.92%;--awb-spacing-left-small:1.92%;\" data-scroll-devices=\"small-visibility,medium-visibility,large-visibility\"><div class=\"fusion-column-wrapper fusion-column-has-shadow fusion-flex-justify-content-flex-start fusion-content-layout-column\"><div class=\"fusion-text fusion-text-1\" style=\"--awb-text-transform:none;--awb-text-color:var(--awb-color1);\"><h1 class=\"whitetxt\">NEWS<\/h1>\n<\/div><div class=\"fusion-text fusion-text-2\" style=\"--awb-text-transform:none;--awb-text-color:var(--awb-color1);\"><h4><span style=\"color: #ffffff;\">The EDIH Rheinland Newsletter informs you about current and future events as well as news and actions in the framework of the project. He serves members and interested parties on the progress and developments in the digital Transformation of the Region to keep up-to-date.<\/span><\/h4>\n<\/div><div ><a class=\"fusion-button button-flat fusion-button-default-size button-default fusion-button-default button-1 fusion-button-default-span fusion-button-default-type\" target=\"_blank\" rel=\"noopener noreferrer\" href=\"https:\/\/www.edih-rheinland.eu\/en\/newsletter\/\"><span class=\"fusion-button-text awb-button__text awb-button__text--default\">Newsletter Registration<\/span><\/a><\/div><\/div><\/div><div class=\"fusion-layout-column fusion_builder_column fusion-builder-column-1 fusion_builder_column_1_2 1_2 fusion-flex-column\" style=\"--awb-bg-size:cover;--awb-width-large:50%;--awb-margin-top-large:4%;--awb-spacing-right-large:3.84%;--awb-margin-bottom-large:4%;--awb-spacing-left-large:3.84%;--awb-width-medium:100%;--awb-order-medium:1;--awb-margin-top-medium:15%;--awb-spacing-right-medium:1.92%;--awb-spacing-left-medium:1.92%;--awb-width-small:100%;--awb-order-small:1;--awb-spacing-right-small:1.92%;--awb-spacing-left-small:1.92%;\" data-scroll-devices=\"small-visibility,medium-visibility,large-visibility\"><div class=\"fusion-column-wrapper fusion-column-has-shadow fusion-flex-justify-content-flex-start fusion-content-layout-column\"><div class=\"fusion-image-element\" style=\"text-align:right;--awb-caption-title-font-family:var(--h2_typography-font-family);--awb-caption-title-font-weight:var(--h2_typography-font-weight);--awb-caption-title-font-style:var(--h2_typography-font-style);--awb-caption-title-size:var(--h2_typography-font-size);--awb-caption-title-transform:var(--h2_typography-text-transform);--awb-caption-title-line-height:var(--h2_typography-line-height);--awb-caption-title-letter-spacing:var(--h2_typography-letter-spacing);\"><span class=\"fusion-imageframe imageframe-none imageframe-1 hover-type-none\"><img decoding=\"async\" width=\"600\" height=\"459\" alt=\"Nachrichtenseite des EIDH Rheinland.\" title=\"EDIH_Reinland_News\" src=\"https:\/\/www.edih-rheinland.eu\/wp-content\/uploads\/2024\/04\/EDIH_Reinland_News.webp\" class=\"img-responsive wp-image-1157\" srcset=\"https:\/\/www.edih-rheinland.eu\/wp-content\/uploads\/2024\/04\/EDIH_Reinland_News-200x153.webp 200w, https:\/\/www.edih-rheinland.eu\/wp-content\/uploads\/2024\/04\/EDIH_Reinland_News-400x306.webp 400w, https:\/\/www.edih-rheinland.eu\/wp-content\/uploads\/2024\/04\/EDIH_Reinland_News.webp 600w\" sizes=\"(max-width: 640px) 100vw, 600px\" \/><\/span><\/div><\/div><\/div><\/div><\/div><div class=\"fusion-fullwidth fullwidth-box fusion-builder-row-2 fusion-flex-container has-pattern-background has-mask-background nonhundred-percent-fullwidth non-hundred-percent-height-scrolling\" style=\"--awb-border-radius-top-left:0px;--awb-border-radius-top-right:0px;--awb-border-radius-bottom-right:0px;--awb-border-radius-bottom-left:0px;--awb-padding-top:5%;--awb-padding-bottom:7%;--awb-margin-top-medium:15%;--awb-margin-bottom-medium:15%;--awb-margin-top-small:25%;--awb-margin-bottom-small:25%;--awb-flex-wrap:wrap;\" ><div class=\"fusion-builder-row fusion-row fusion-flex-align-items-flex-start fusion-flex-content-wrap\" style=\"max-width:1456px;margin-left: calc(-4% \/ 2 );margin-right: calc(-4% \/ 2 );\"><div class=\"fusion-layout-column fusion_builder_column fusion-builder-column-2 fusion_builder_column_1_1 1_1 fusion-flex-column\" style=\"--awb-bg-size:cover;--awb-width-large:100%;--awb-margin-top-large:0px;--awb-spacing-right-large:1.92%;--awb-margin-bottom-large:20px;--awb-spacing-left-large:1.92%;--awb-width-medium:100%;--awb-order-medium:0;--awb-spacing-right-medium:1.92%;--awb-spacing-left-medium:1.92%;--awb-width-small:100%;--awb-order-small:0;--awb-spacing-right-small:1.92%;--awb-spacing-left-small:1.92%;\"><div class=\"fusion-column-wrapper fusion-column-has-shadow fusion-flex-justify-content-flex-start fusion-content-layout-column\"><div class=\"fusion-blog-shortcode fusion-blog-shortcode-1 fusion-blog-archive fusion-blog-layout-timeline-wrapper fusion-blog-pagination\" style=\"--awb-title-font-size:30px;--awb-timeline-title-font-size:25px;--grid_separator_color:var(--awb-color5);\"><div class=\"fusion-posts-container fusion-posts-container-pagination fusion-no-meta-info fusion-blog-rollover\" data-pages=\"2\"><div class=\"fusion-timeline-icon\"><i class=\"awb-icon-bubbles\" style=\"color:var(--awb-color3);\" aria-hidden=\"true\"><\/i><\/div><div class=\"fusion-blog-layout-timeline fusion-clearfix\"><div class=\"fusion-timeline-line\" style=\"border-left:1px solid var(--awb-color3);border-right:1px solid var(--awb-color3);\"><\/div><h4 class=\"fusion-timeline-date\" style=\"background-color:var(--awb-color3);\">September <\/h4><div class=\"fusion-collapse-month\"><article id=\"blog-1-post-2238\" style=\"border-color:var(--awb-color3);\" class=\"fusion-post-timeline fusion-clearfix fusion-left-column post-2238 post type-post status-publish format-standard has-post-thumbnail hentry category-news tag-ai tag-digital tag-intelligenz tag-ki tag-kuenstliche tag-saarbruecken tag-saarland tag-suedwest\">\n<div class=\"fusion-post-wrapper\" style=\"background-color:rgba(255,255,255,0);\">\n\n\t\t\t<div class=\"fusion-flexslider flexslider fusion-flexslider-loading fusion-post-slideshow\" style=\"border-color:var(--awb-color3);\">\n\t\t<ul class=\"slides\">\n\t\t\t\n\t\t\t\t\t\t\t\t\t\t\t\t\t\t<li><div  class=\"fusion-image-wrapper\" aria-haspopup=\"true\">\n\t\t\t\t<img decoding=\"async\" width=\"1502\" height=\"1929\" src=\"https:\/\/www.edih-rheinland.eu\/wp-content\/uploads\/2024\/09\/Image-2025-04-22T135628.034-_2.jpg\" class=\"attachment-full size-full wp-post-image\" alt=\"S\u00fcdwest Digital Festival 2024\" srcset=\"https:\/\/www.edih-rheinland.eu\/wp-content\/uploads\/2024\/09\/Image-2025-04-22T135628.034-_2-200x257.jpg 200w, https:\/\/www.edih-rheinland.eu\/wp-content\/uploads\/2024\/09\/Image-2025-04-22T135628.034-_2-400x514.jpg 400w, https:\/\/www.edih-rheinland.eu\/wp-content\/uploads\/2024\/09\/Image-2025-04-22T135628.034-_2-600x771.jpg 600w, https:\/\/www.edih-rheinland.eu\/wp-content\/uploads\/2024\/09\/Image-2025-04-22T135628.034-_2-800x1027.jpg 800w, https:\/\/www.edih-rheinland.eu\/wp-content\/uploads\/2024\/09\/Image-2025-04-22T135628.034-_2-1200x1541.jpg 1200w, https:\/\/www.edih-rheinland.eu\/wp-content\/uploads\/2024\/09\/Image-2025-04-22T135628.034-_2.jpg 1502w\" sizes=\"(max-width: 640px) 100vw, 40vw\" \/><div class=\"fusion-rollover\">\n\t<div class=\"fusion-rollover-content\">\n\n\t\t\t\t\t\t\t\t\t\t\t\t\t\t<a class=\"fusion-rollover-link\" href=\"https:\/\/www.edih-rheinland.eu\/en\/suedwest-digital-festival-und-review-in-saarbruecken\/\">Southwest Digital Festival and Review in Saarbr\u00fccken<\/a>\n\t\t\t\n\t\t\t\t\t\t\t\t\n\t\t\n\t\t\t\t\t\t\t\t\n\t\t\t\t\t\t\t\t\n\t\t\n\t\t\t\t\t\t<a class=\"fusion-link-wrapper\" href=\"https:\/\/www.edih-rheinland.eu\/en\/suedwest-digital-festival-und-review-in-saarbruecken\/\" aria-label=\"Southwest Digital Festival and Review in Saarbr\u00fccken\"><\/a>\n\t<\/div>\n<\/div>\n<\/div>\n<\/li>\n\t\t\t\n\t\t\t\n\t\t\t\t\t\t\t\t\t\t\t\t\t\t\t\t\t\t\t\t\t\t\t\t\t\t\t\t\t\t\t\t\t\t\t\t\t\t\t\t\t\t\t\t\t\t\t\t\t\t\t\t\t\t\t\t\t\t\t\t\t\t\t\t\t\t\t\t<\/ul>\n\t<\/div>\n\t<div class=\"fusion-post-content-wrapper\" style=\"padding:30px 25px 25px 25px;\"><div class=\"fusion-post-content post-content\"><div class=\"fusion-timeline-circle\" style=\"background-color:var(--awb-color3);\"><\/div><div class=\"fusion-timeline-arrow\" style=\"color:var(--awb-color3);\"><\/div><h4 class=\"blog-shortcode-post-title entry-title\"><a href=\"https:\/\/www.edih-rheinland.eu\/en\/suedwest-digital-festival-und-review-in-saarbruecken\/\">Southwest Digital Festival and Review in Saarbr\u00fccken<\/a><\/h4><div class=\"fusion-post-content-container\"><p> Midterm Review erfolgreich \u00fcberstanden &amp; am S\u00fcdwest Digital Festival 2024 teilgenommen Am 18. und 19 September waren wir in [...]<\/p><\/div><\/div><\/div><div class=\"fusion-clearfix\"><\/div><\/div>\n<\/article>\n<\/div><h4 class=\"fusion-timeline-date\" style=\"background-color:var(--awb-color3);\">July <\/h4><div class=\"fusion-collapse-month\"><article id=\"blog-1-post-2218\" style=\"border-color:var(--awb-color3);\" class=\"fusion-post-timeline fusion-clearfix fusion-right-column post-2218 post type-post status-publish format-standard has-post-thumbnail hentry category-news\">\n<div class=\"fusion-post-wrapper\" style=\"background-color:rgba(255,255,255,0);\">\n\n\t\t\t<div class=\"fusion-flexslider flexslider fusion-flexslider-loading fusion-post-slideshow\" style=\"border-color:var(--awb-color3);\">\n\t\t<ul class=\"slides\">\n\t\t\t\n\t\t\t\t\t\t\t\t\t\t\t\t\t\t<li><div  class=\"fusion-image-wrapper\" aria-haspopup=\"true\">\n\t\t\t\t<img decoding=\"async\" width=\"2560\" height=\"1920\" src=\"https:\/\/www.edih-rheinland.eu\/wp-content\/uploads\/2025\/04\/Image-89-scaled.jpg\" class=\"attachment-full size-full wp-post-image\" alt=\"Take-Off 2.0 geht in Stolberg an den Start\" srcset=\"https:\/\/www.edih-rheinland.eu\/wp-content\/uploads\/2025\/04\/Image-89-200x150.jpg 200w, https:\/\/www.edih-rheinland.eu\/wp-content\/uploads\/2025\/04\/Image-89-400x300.jpg 400w, https:\/\/www.edih-rheinland.eu\/wp-content\/uploads\/2025\/04\/Image-89-600x450.jpg 600w, https:\/\/www.edih-rheinland.eu\/wp-content\/uploads\/2025\/04\/Image-89-800x600.jpg 800w, https:\/\/www.edih-rheinland.eu\/wp-content\/uploads\/2025\/04\/Image-89-1200x900.jpg 1200w, https:\/\/www.edih-rheinland.eu\/wp-content\/uploads\/2025\/04\/Image-89-scaled.jpg 2560w\" sizes=\"(max-width: 640px) 100vw, 40vw\" \/><div class=\"fusion-rollover\">\n\t<div class=\"fusion-rollover-content\">\n\n\t\t\t\t\t\t\t\t\t\t\t\t\t\t<a class=\"fusion-rollover-link\" href=\"https:\/\/www.edih-rheinland.eu\/en\/take-off-2-0-geht-in-stolberg-an-den-start\/\">Take-Off of 2.0 in Stolberg at the Start<\/a>\n\t\t\t\n\t\t\t\t\t\t\t\t\n\t\t\n\t\t\t\t\t\t\t\t\n\t\t\t\t\t\t\t\t\n\t\t\n\t\t\t\t\t\t<a class=\"fusion-link-wrapper\" href=\"https:\/\/www.edih-rheinland.eu\/en\/take-off-2-0-geht-in-stolberg-an-den-start\/\" aria-label=\"Take-Off of 2.0 in Stolberg at the Start\"><\/a>\n\t<\/div>\n<\/div>\n<\/div>\n<\/li>\n\t\t\t\n\t\t\t\n\t\t\t\t\t\t\t\t\t\t\t\t\t\t\t\t\t\t\t\t\t\t\t\t\t\t\t\t\t\t\t\t\t\t\t\t\t\t\t\t\t\t\t\t\t\t\t\t\t\t\t\t\t\t\t\t\t\t\t\t\t\t\t\t\t\t\t\t<\/ul>\n\t<\/div>\n\t<div class=\"fusion-post-content-wrapper\" style=\"padding:30px 25px 25px 25px;\"><div class=\"fusion-post-content post-content\"><div class=\"fusion-timeline-circle\" style=\"background-color:var(--awb-color3);\"><\/div><div class=\"fusion-timeline-arrow\" style=\"color:var(--awb-color3);\"><\/div><h4 class=\"blog-shortcode-post-title entry-title\"><a href=\"https:\/\/www.edih-rheinland.eu\/en\/take-off-2-0-geht-in-stolberg-an-den-start\/\">Take-Off of 2.0 in Stolberg at the Start<\/a><\/h4><div class=\"fusion-post-content-container\"><p> Auftakt zu unserer Veranstaltungsreihe Take-Off 2.0 Am 04.07.2024 waren wir im Zinkh\u00fctterhof in Stolberg, wo wir interessierten Unternehmen die [...]<\/p><\/div><\/div><\/div><div class=\"fusion-clearfix\"><\/div><\/div>\n<\/article>\n<\/div><h4 class=\"fusion-timeline-date\" style=\"background-color:var(--awb-color3);\">May <\/h4><div class=\"fusion-collapse-month\"><article id=\"blog-1-post-1231\" style=\"border-color:var(--awb-color3);\" class=\"fusion-post-timeline fusion-clearfix fusion-left-column post-1231 post type-post status-publish format-standard has-post-thumbnail hentry category-news\">\n<div class=\"fusion-post-wrapper\" style=\"background-color:rgba(255,255,255,0);\">\n\n\t\t\t<div class=\"fusion-flexslider flexslider fusion-flexslider-loading fusion-post-slideshow\" style=\"border-color:var(--awb-color3);\">\n\t\t<ul class=\"slides\">\n\t\t\t\n\t\t\t\t\t\t\t\t\t\t\t\t\t\t<li><div  class=\"fusion-image-wrapper\" aria-haspopup=\"true\">\n\t\t\t\t<img decoding=\"async\" width=\"2149\" height=\"1454\" src=\"https:\/\/www.edih-rheinland.eu\/wp-content\/uploads\/2024\/05\/KI-Magie-in-der-Praxis_2.3-e1715594805107.jpg\" class=\"attachment-full size-full wp-post-image\" alt=\"zwei rosa H\u00e4nde greigfen nacheinander\" srcset=\"https:\/\/www.edih-rheinland.eu\/wp-content\/uploads\/2024\/05\/KI-Magie-in-der-Praxis_2.3-e1715594805107-200x135.jpg 200w, https:\/\/www.edih-rheinland.eu\/wp-content\/uploads\/2024\/05\/KI-Magie-in-der-Praxis_2.3-e1715594805107-400x271.jpg 400w, https:\/\/www.edih-rheinland.eu\/wp-content\/uploads\/2024\/05\/KI-Magie-in-der-Praxis_2.3-e1715594805107-600x406.jpg 600w, https:\/\/www.edih-rheinland.eu\/wp-content\/uploads\/2024\/05\/KI-Magie-in-der-Praxis_2.3-e1715594805107-800x541.jpg 800w, https:\/\/www.edih-rheinland.eu\/wp-content\/uploads\/2024\/05\/KI-Magie-in-der-Praxis_2.3-e1715594805107-1200x812.jpg 1200w, https:\/\/www.edih-rheinland.eu\/wp-content\/uploads\/2024\/05\/KI-Magie-in-der-Praxis_2.3-e1715594805107.jpg 2149w\" sizes=\"(max-width: 640px) 100vw, 40vw\" \/><div class=\"fusion-rollover\">\n\t<div class=\"fusion-rollover-content\">\n\n\t\t\t\t\t\t\t\t\t\t\t\t\t\t<a class=\"fusion-rollover-link\" href=\"https:\/\/www.edih-rheinland.eu\/en\/ki-magie-in-der-praxis-workshopreihe-im-oecherlab\/\">KI-magic in practice: workshop series in OecherLab<\/a>\n\t\t\t\n\t\t\t\t\t\t\t\t\n\t\t\n\t\t\t\t\t\t\t\t\n\t\t\t\t\t\t\t\t\n\t\t\n\t\t\t\t\t\t<a class=\"fusion-link-wrapper\" href=\"https:\/\/www.edih-rheinland.eu\/en\/ki-magie-in-der-praxis-workshopreihe-im-oecherlab\/\" aria-label=\"KI-magic in practice: workshop series in OecherLab\"><\/a>\n\t<\/div>\n<\/div>\n<\/div>\n<\/li>\n\t\t\t\n\t\t\t\n\t\t\t\t\t\t\t\t\t\t\t\t\t\t\t\t\t\t\t\t\t\t\t\t\t\t\t\t\t\t\t\t\t\t\t\t\t\t\t\t\t\t\t\t\t\t\t\t\t\t\t\t\t\t\t\t\t\t\t\t\t\t\t\t\t\t\t\t<\/ul>\n\t<\/div>\n\t<div class=\"fusion-post-content-wrapper\" style=\"padding:30px 25px 25px 25px;\"><div class=\"fusion-post-content post-content\"><div class=\"fusion-timeline-circle\" style=\"background-color:var(--awb-color3);\"><\/div><div class=\"fusion-timeline-arrow\" style=\"color:var(--awb-color3);\"><\/div><h4 class=\"blog-shortcode-post-title entry-title\"><a href=\"https:\/\/www.edih-rheinland.eu\/en\/ki-magie-in-der-praxis-workshopreihe-im-oecherlab\/\">KI-magic in practice: workshop series in OecherLab<\/a><\/h4><div class=\"fusion-post-content-container\"><p> In may, our event starts series &#034;KI-magic in practice: Efficient data-Power for the digital Transformation,&#034; In lectures and Workshops, [...]<\/p><\/div><\/div><\/div><div class=\"fusion-clearfix\"><\/div><\/div>\n<\/article>\n<\/div><h4 class=\"fusion-timeline-date\" style=\"background-color:var(--awb-color3);\">April <\/h4><div class=\"fusion-collapse-month\"><article id=\"blog-1-post-1206\" style=\"border-color:var(--awb-color3);\" class=\"fusion-post-timeline fusion-clearfix fusion-right-column post-1206 post type-post status-publish format-standard has-post-thumbnail hentry category-news\">\n<div class=\"fusion-post-wrapper\" style=\"background-color:rgba(255,255,255,0);\">\n\n\t\t\t<div class=\"fusion-flexslider flexslider fusion-flexslider-loading fusion-post-slideshow\" style=\"border-color:var(--awb-color3);\">\n\t\t<ul class=\"slides\">\n\t\t\t\n\t\t\t\t\t\t\t\t\t\t\t\t\t\t<li><div  class=\"fusion-image-wrapper\" aria-haspopup=\"true\">\n\t\t\t\t<img decoding=\"async\" width=\"1920\" height=\"1625\" src=\"https:\/\/www.edih-rheinland.eu\/wp-content\/uploads\/2024\/04\/Auswahl_Image-21-scaled-e1714463083720.jpg\" class=\"attachment-full size-full wp-post-image\" alt=\"\" srcset=\"https:\/\/www.edih-rheinland.eu\/wp-content\/uploads\/2024\/04\/Auswahl_Image-21-scaled-e1714463083720-200x169.jpg 200w, https:\/\/www.edih-rheinland.eu\/wp-content\/uploads\/2024\/04\/Auswahl_Image-21-scaled-e1714463083720-400x339.jpg 400w, https:\/\/www.edih-rheinland.eu\/wp-content\/uploads\/2024\/04\/Auswahl_Image-21-scaled-e1714463083720-600x508.jpg 600w, https:\/\/www.edih-rheinland.eu\/wp-content\/uploads\/2024\/04\/Auswahl_Image-21-scaled-e1714463083720-800x677.jpg 800w, https:\/\/www.edih-rheinland.eu\/wp-content\/uploads\/2024\/04\/Auswahl_Image-21-scaled-e1714463083720-1200x1016.jpg 1200w, https:\/\/www.edih-rheinland.eu\/wp-content\/uploads\/2024\/04\/Auswahl_Image-21-scaled-e1714463083720.jpg 1920w\" sizes=\"(max-width: 640px) 100vw, 40vw\" \/><div class=\"fusion-rollover\">\n\t<div class=\"fusion-rollover-content\">\n\n\t\t\t\t\t\t\t\t\t\t\t\t\t\t<a class=\"fusion-rollover-link\" href=\"https:\/\/www.edih-rheinland.eu\/en\/schreibtisch-zum-algorithmus-ki-veraendert-lernen-und-arbeiten\/\">Event: From the Desk of the algorithm with accents 4.0 in OecherLab<\/a>\n\t\t\t\n\t\t\t\t\t\t\t\t\n\t\t\n\t\t\t\t\t\t\t\t\n\t\t\t\t\t\t\t\t\n\t\t\n\t\t\t\t\t\t<a class=\"fusion-link-wrapper\" href=\"https:\/\/www.edih-rheinland.eu\/en\/schreibtisch-zum-algorithmus-ki-veraendert-lernen-und-arbeiten\/\" aria-label=\"Event: From the Desk of the algorithm with accents 4.0 in OecherLab\"><\/a>\n\t<\/div>\n<\/div>\n<\/div>\n<\/li>\n\t\t\t\n\t\t\t\n\t\t\t\t\t\t\t\t\t\t\t\t\t\t\t\t\t\t\t\t\t\t\t\t\t\t\t\t\t\t\t\t\t\t\t\t\t\t\t\t\t\t\t\t\t\t\t\t\t\t\t\t\t\t\t\t\t\t\t\t\t\t\t\t\t\t\t\t<\/ul>\n\t<\/div>\n\t<div class=\"fusion-post-content-wrapper\" style=\"padding:30px 25px 25px 25px;\"><div class=\"fusion-post-content post-content\"><div class=\"fusion-timeline-circle\" style=\"background-color:var(--awb-color3);\"><\/div><div class=\"fusion-timeline-arrow\" style=\"color:var(--awb-color3);\"><\/div><h4 class=\"blog-shortcode-post-title entry-title\"><a href=\"https:\/\/www.edih-rheinland.eu\/en\/schreibtisch-zum-algorithmus-ki-veraendert-lernen-und-arbeiten\/\">Event: From the Desk of the algorithm with accents 4.0 in OecherLab<\/a><\/h4><div class=\"fusion-post-content-container\"><p>Vom Schreibtisch zum Algorithmus: Wie KI unser Lernen und Arbeiten revolutioniert Am 25.04.2024 fand eine Diskussionsrunde im OecherLab rund um [...]<\/p><\/div><\/div><\/div><div class=\"fusion-clearfix\"><\/div><\/div>\n<\/article>\n<\/div><h4 class=\"fusion-timeline-date\" style=\"background-color:var(--awb-color3);\">October <\/h4><div class=\"fusion-collapse-month\"><article id=\"blog-1-post-238\" style=\"border-color:var(--awb-color3);\" class=\"fusion-post-timeline fusion-clearfix fusion-left-column post-238 post type-post status-publish format-standard has-post-thumbnail hentry category-news\">\n<div class=\"fusion-post-wrapper\" style=\"background-color:rgba(255,255,255,0);\">\n\n\t\t\t<div class=\"fusion-flexslider flexslider fusion-flexslider-loading fusion-post-slideshow\" style=\"border-color:var(--awb-color3);\">\n\t\t<ul class=\"slides\">\n\t\t\t\n\t\t\t\t\t\t\t\t\t\t\t\t\t\t<li><div  class=\"fusion-image-wrapper\" aria-haspopup=\"true\">\n\t\t\t\t<img decoding=\"async\" width=\"2560\" height=\"1920\" src=\"https:\/\/www.edih-rheinland.eu\/wp-content\/uploads\/2023\/10\/EDIH_Take-Off_32-scaled.jpg\" class=\"attachment-full size-full wp-post-image\" alt=\"\" srcset=\"https:\/\/www.edih-rheinland.eu\/wp-content\/uploads\/2023\/10\/EDIH_Take-Off_32-200x150.jpg 200w, https:\/\/www.edih-rheinland.eu\/wp-content\/uploads\/2023\/10\/EDIH_Take-Off_32-400x300.jpg 400w, https:\/\/www.edih-rheinland.eu\/wp-content\/uploads\/2023\/10\/EDIH_Take-Off_32-600x450.jpg 600w, https:\/\/www.edih-rheinland.eu\/wp-content\/uploads\/2023\/10\/EDIH_Take-Off_32-800x600.jpg 800w, https:\/\/www.edih-rheinland.eu\/wp-content\/uploads\/2023\/10\/EDIH_Take-Off_32-1200x900.jpg 1200w, https:\/\/www.edih-rheinland.eu\/wp-content\/uploads\/2023\/10\/EDIH_Take-Off_32-scaled.jpg 2560w\" sizes=\"(max-width: 640px) 100vw, 40vw\" \/><div class=\"fusion-rollover\">\n\t<div class=\"fusion-rollover-content\">\n\n\t\t\t\t\t\t\t\t\t\t\t\t\t\t<a class=\"fusion-rollover-link\" href=\"https:\/\/www.edih-rheinland.eu\/en\/erfolgreicher-edih-rheinland-take-off\/\">A successful Take-Off of the EDIH Rheinland<\/a>\n\t\t\t\n\t\t\t\t\t\t\t\t\n\t\t\n\t\t\t\t\t\t\t\t\n\t\t\t\t\t\t\t\t\n\t\t\n\t\t\t\t\t\t<a class=\"fusion-link-wrapper\" href=\"https:\/\/www.edih-rheinland.eu\/en\/erfolgreicher-edih-rheinland-take-off\/\" aria-label=\"A successful Take-Off of the EDIH Rheinland\"><\/a>\n\t<\/div>\n<\/div>\n<\/div>\n<\/li>\n\t\t\t\n\t\t\t\n\t\t\t\t\t\t\t\t\t\t\t\t\t\t\t\t\t\t\t\t\t\t\t\t\t\t\t\t\t\t\t\t\t\t\t\t\t\t\t\t\t\t\t\t\t\t\t\t\t\t\t\t\t\t\t\t\t\t\t\t\t\t\t\t\t\t\t\t<\/ul>\n\t<\/div>\n\t<div class=\"fusion-post-content-wrapper\" style=\"padding:30px 25px 25px 25px;\"><div class=\"fusion-post-content post-content\"><div class=\"fusion-timeline-circle\" style=\"background-color:var(--awb-color3);\"><\/div><div class=\"fusion-timeline-arrow\" style=\"color:var(--awb-color3);\"><\/div><h4 class=\"blog-shortcode-post-title entry-title\"><a href=\"https:\/\/www.edih-rheinland.eu\/en\/erfolgreicher-edih-rheinland-take-off\/\">A successful Take-Off of the EDIH Rheinland<\/a><\/h4><div class=\"fusion-post-content-container\"><p>Erfolgreicher Take-Off Am vergangenen Dienstag, den 24.10.2023, fand unsere Auftaktveranstaltung in der digitalCHURCH in Aachen statt.     [...]<\/p><\/div><\/div><\/div><div class=\"fusion-clearfix\"><\/div><\/div>\n<\/article>\n<\/div><h4 class=\"fusion-timeline-date\" style=\"background-color:var(--awb-color3);\">August <\/h4><div class=\"fusion-collapse-month\"><article id=\"blog-1-post-139\" style=\"border-color:var(--awb-color3);\" class=\"fusion-post-timeline fusion-clearfix fusion-right-column post-139 post type-post status-publish format-standard has-post-thumbnail hentry category-news\">\n<div class=\"fusion-post-wrapper\" style=\"background-color:rgba(255,255,255,0);\">\n\n\t\t\t<div class=\"fusion-flexslider flexslider fusion-flexslider-loading fusion-post-slideshow\" style=\"border-color:var(--awb-color3);\">\n\t\t<ul class=\"slides\">\n\t\t\t\n\t\t\t\t\t\t\t\t\t\t\t\t\t\t<li><div  class=\"fusion-image-wrapper\" aria-haspopup=\"true\">\n\t\t\t\t<img decoding=\"async\" width=\"1062\" height=\"721\" src=\"https:\/\/www.edih-rheinland.eu\/wp-content\/uploads\/2023\/08\/Bescheiduebergabe_MWIKE.png\" class=\"attachment-full size-full wp-post-image\" alt=\"\" srcset=\"https:\/\/www.edih-rheinland.eu\/wp-content\/uploads\/2023\/08\/Bescheiduebergabe_MWIKE-200x136.png 200w, https:\/\/www.edih-rheinland.eu\/wp-content\/uploads\/2023\/08\/Bescheiduebergabe_MWIKE-400x272.png 400w, https:\/\/www.edih-rheinland.eu\/wp-content\/uploads\/2023\/08\/Bescheiduebergabe_MWIKE-600x407.png 600w, https:\/\/www.edih-rheinland.eu\/wp-content\/uploads\/2023\/08\/Bescheiduebergabe_MWIKE-800x543.png 800w, https:\/\/www.edih-rheinland.eu\/wp-content\/uploads\/2023\/08\/Bescheiduebergabe_MWIKE.png 1062w\" sizes=\"(max-width: 640px) 100vw, 40vw\" \/><div class=\"fusion-rollover\">\n\t<div class=\"fusion-rollover-content\">\n\n\t\t\t\t\t\t\t\t\t\t\t\t\t\t<a class=\"fusion-rollover-link\" href=\"https:\/\/www.edih-rheinland.eu\/en\/uebergabe-foerderbescheid-duesseldorf-31-08-2023\/\">Transfer of the Promotion Decision<\/a>\n\t\t\t\n\t\t\t\t\t\t\t\t\n\t\t\n\t\t\t\t\t\t\t\t\n\t\t\t\t\t\t\t\t\n\t\t\n\t\t\t\t\t\t<a class=\"fusion-link-wrapper\" href=\"https:\/\/www.edih-rheinland.eu\/en\/uebergabe-foerderbescheid-duesseldorf-31-08-2023\/\" aria-label=\"Transfer of the Promotion Decision\"><\/a>\n\t<\/div>\n<\/div>\n<\/div>\n<\/li>\n\t\t\t\n\t\t\t\n\t\t\t\t\t\t\t\t\t\t\t\t\t\t\t\t\t\t\t\t\t\t\t\t\t\t\t\t\t\t\t\t\t\t\t\t\t\t\t\t\t\t\t\t\t\t\t\t\t\t\t\t\t\t\t\t\t\t\t\t\t\t\t\t\t\t\t\t<\/ul>\n\t<\/div>\n\t<div class=\"fusion-post-content-wrapper\" style=\"padding:30px 25px 25px 25px;\"><div class=\"fusion-post-content post-content\"><div class=\"fusion-timeline-circle\" style=\"background-color:var(--awb-color3);\"><\/div><div class=\"fusion-timeline-arrow\" style=\"color:var(--awb-color3);\"><\/div><h4 class=\"blog-shortcode-post-title entry-title\"><a href=\"https:\/\/www.edih-rheinland.eu\/en\/uebergabe-foerderbescheid-duesseldorf-31-08-2023\/\">Transfer of the Promotion Decision<\/a><\/h4><div class=\"fusion-post-content-container\"><p>\u00dcbergabe F\u00f6rderungsbescheidD\u00fcsseldorf, 31.08.2023      Vertreter des EDIH Rheinland trafen sich im D\u00fcsseldorfer Medienhafen mit den anderen [...]<\/p><\/div><\/div><\/div><div class=\"fusion-clearfix\"><\/div><\/div>\n<\/article>\n<\/div><\/div><\/div><div class=\"pagination clearfix\"><span class=\"current\">1<\/span><a href=\"https:\/\/www.edih-rheinland.eu\/en\/wp-json\/wp\/v2\/pages\/26\/page\/2\/\" class=\"inactive\">2<\/a><a class=\"pagination-next\" rel=\"next\" href=\"https:\/\/www.edih-rheinland.eu\/en\/wp-json\/wp\/v2\/pages\/26\/page\/2\/\"><span class=\"page-text\">Next<\/span><span class=\"page-next\"><\/span><\/a><\/div><div class=\"fusion-clearfix\"><\/div><\/div><\/div><\/div><\/div><\/div><\/p>","protected":false},"excerpt":{"rendered":"","protected":false},"author":4,"featured_media":0,"parent":0,"menu_order":0,"comment_status":"closed","ping_status":"closed","template":"100-width.php","meta":{"footnotes":""},"class_list":["post-26","page","type-page","status-publish","hentry"],"yoast_head":"<!-- This site is optimized with the Yoast SEO plugin v26.5 - https:\/\/yoast.com\/wordpress\/plugins\/seo\/ -->\n<title>News - EDIH Rheinland<\/title>\n<meta name=\"robots\" content=\"index, follow, max-snippet:-1, max-image-preview:large, max-video-preview:-1\" \/>\n<link rel=\"canonical\" href=\"https:\/\/www.edih-rheinland.eu\/en\/news\/\" \/>\n<meta property=\"og:locale\" content=\"en_US\" \/>\n<meta property=\"og:type\" content=\"article\" \/>\n<meta property=\"og:title\" content=\"News - EDIH Rheinland\" \/>\n<meta property=\"og:url\" content=\"https:\/\/www.edih-rheinland.eu\/en\/news\/\" \/>\n<meta property=\"og:site_name\" content=\"EDIH Rheinland\" \/>\n<meta property=\"article:modified_time\" content=\"2025-07-24T09:04:53+00:00\" \/>\n<meta property=\"og:image\" content=\"https:\/\/www.edih-rheinland.eu\/wp-content\/uploads\/2023\/07\/EDIH_Reinland.jpg\" \/>\n\t<meta property=\"og:image:width\" content=\"450\" \/>\n\t<meta property=\"og:image:height\" content=\"405\" \/>\n\t<meta property=\"og:image:type\" content=\"image\/jpeg\" \/>\n<meta name=\"twitter:card\" content=\"summary_large_image\" \/>\n<meta name=\"twitter:label1\" content=\"Est. reading time\" \/>\n\t<meta name=\"twitter:data1\" content=\"3 minutes\" \/>\n<script type=\"application\/ld+json\" class=\"yoast-schema-graph\">{\"@context\":\"https:\/\/schema.org\",\"@graph\":[{\"@type\":\"WebPage\",\"@id\":\"https:\/\/www.edih-rheinland.eu\/news\/\",\"url\":\"https:\/\/www.edih-rheinland.eu\/news\/\",\"name\":\"News - EDIH Rheinland\",\"isPartOf\":{\"@id\":\"https:\/\/www.edih-rheinland.eu\/#website\"},\"datePublished\":\"2023-07-06T09:23:38+00:00\",\"dateModified\":\"2025-07-24T09:04:53+00:00\",\"breadcrumb\":{\"@id\":\"https:\/\/www.edih-rheinland.eu\/news\/#breadcrumb\"},\"inLanguage\":\"en-US\",\"potentialAction\":[{\"@type\":\"ReadAction\",\"target\":[\"https:\/\/www.edih-rheinland.eu\/news\/\"]}]},{\"@type\":\"BreadcrumbList\",\"@id\":\"https:\/\/www.edih-rheinland.eu\/news\/#breadcrumb\",\"itemListElement\":[{\"@type\":\"ListItem\",\"position\":1,\"name\":\"Startseite\",\"item\":\"https:\/\/www.edih-rheinland.eu\/\"},{\"@type\":\"ListItem\",\"position\":2,\"name\":\"News\"}]},{\"@type\":\"WebSite\",\"@id\":\"https:\/\/www.edih-rheinland.eu\/#website\",\"url\":\"https:\/\/www.edih-rheinland.eu\/\",\"name\":\"EDIH Rheinland\",\"description\":\"Ihr Zugang zu Kompetenzen, Wissen und Erfahrung\",\"publisher\":{\"@id\":\"https:\/\/www.edih-rheinland.eu\/#organization\"},\"potentialAction\":[{\"@type\":\"SearchAction\",\"target\":{\"@type\":\"EntryPoint\",\"urlTemplate\":\"https:\/\/www.edih-rheinland.eu\/?s={search_term_string}\"},\"query-input\":{\"@type\":\"PropertyValueSpecification\",\"valueRequired\":true,\"valueName\":\"search_term_string\"}}],\"inLanguage\":\"en-US\"},{\"@type\":\"Organization\",\"@id\":\"https:\/\/www.edih-rheinland.eu\/#organization\",\"name\":\"EDIH Rheinland\",\"url\":\"https:\/\/www.edih-rheinland.eu\/\",\"logo\":{\"@type\":\"ImageObject\",\"inLanguage\":\"en-US\",\"@id\":\"https:\/\/www.edih-rheinland.eu\/#\/schema\/logo\/image\/\",\"url\":\"https:\/\/www.edih-rheinland.eu\/wp-content\/uploads\/2023\/09\/EDIH-Logo_rgb.png\",\"contentUrl\":\"https:\/\/www.edih-rheinland.eu\/wp-content\/uploads\/2023\/09\/EDIH-Logo_rgb.png\",\"width\":2180,\"height\":639,\"caption\":\"EDIH Rheinland\"},\"image\":{\"@id\":\"https:\/\/www.edih-rheinland.eu\/#\/schema\/logo\/image\/\"},\"sameAs\":[\"https:\/\/www.linkedin.com\/company\/edih-rheinland\"]}]}<\/script>\n<!-- \/ Yoast SEO plugin. -->","yoast_head_json":{"title":"News - EDIH Rheinland","robots":{"index":"index","follow":"follow","max-snippet":"max-snippet:-1","max-image-preview":"max-image-preview:large","max-video-preview":"max-video-preview:-1"},"canonical":"https:\/\/www.edih-rheinland.eu\/en\/news\/","og_locale":"en_US","og_type":"article","og_title":"News - EDIH Rheinland","og_url":"https:\/\/www.edih-rheinland.eu\/en\/news\/","og_site_name":"EDIH Rheinland","article_modified_time":"2025-07-24T09:04:53+00:00","og_image":[{"width":450,"height":405,"url":"https:\/\/www.edih-rheinland.eu\/wp-content\/uploads\/2023\/07\/EDIH_Reinland.jpg","type":"image\/jpeg"}],"twitter_card":"summary_large_image","twitter_misc":{"Est. reading time":"3 minutes"},"schema":{"@context":"https:\/\/schema.org","@graph":[{"@type":"WebPage","@id":"https:\/\/www.edih-rheinland.eu\/news\/","url":"https:\/\/www.edih-rheinland.eu\/news\/","name":"News - EDIH Rheinland","isPartOf":{"@id":"https:\/\/www.edih-rheinland.eu\/#website"},"datePublished":"2023-07-06T09:23:38+00:00","dateModified":"2025-07-24T09:04:53+00:00","breadcrumb":{"@id":"https:\/\/www.edih-rheinland.eu\/news\/#breadcrumb"},"inLanguage":"en-US","potentialAction":[{"@type":"ReadAction","target":["https:\/\/www.edih-rheinland.eu\/news\/"]}]},{"@type":"BreadcrumbList","@id":"https:\/\/www.edih-rheinland.eu\/news\/#breadcrumb","itemListElement":[{"@type":"ListItem","position":1,"name":"Startseite","item":"https:\/\/www.edih-rheinland.eu\/"},{"@type":"ListItem","position":2,"name":"News"}]},{"@type":"WebSite","@id":"https:\/\/www.edih-rheinland.eu\/#website","url":"https:\/\/www.edih-rheinland.eu\/","name":"EDIH Rheinland","description":"Ihr Zugang zu Kompetenzen, Wissen und Erfahrung","publisher":{"@id":"https:\/\/www.edih-rheinland.eu\/#organization"},"potentialAction":[{"@type":"SearchAction","target":{"@type":"EntryPoint","urlTemplate":"https:\/\/www.edih-rheinland.eu\/?s={search_term_string}"},"query-input":{"@type":"PropertyValueSpecification","valueRequired":true,"valueName":"search_term_string"}}],"inLanguage":"en-US"},{"@type":"Organization","@id":"https:\/\/www.edih-rheinland.eu\/#organization","name":"EDIH Rheinland","url":"https:\/\/www.edih-rheinland.eu\/","logo":{"@type":"ImageObject","inLanguage":"en-US","@id":"https:\/\/www.edih-rheinland.eu\/#\/schema\/logo\/image\/","url":"https:\/\/www.edih-rheinland.eu\/wp-content\/uploads\/2023\/09\/EDIH-Logo_rgb.png","contentUrl":"https:\/\/www.edih-rheinland.eu\/wp-content\/uploads\/2023\/09\/EDIH-Logo_rgb.png","width":2180,"height":639,"caption":"EDIH Rheinland"},"image":{"@id":"https:\/\/www.edih-rheinland.eu\/#\/schema\/logo\/image\/"},"sameAs":["https:\/\/www.linkedin.com\/company\/edih-rheinland"]}]}},"_links":{"self":[{"href":"https:\/\/www.edih-rheinland.eu\/en\/wp-json\/wp\/v2\/pages\/26","targetHints":{"allow":["GET"]}}],"collection":[{"href":"https:\/\/www.edih-rheinland.eu\/en\/wp-json\/wp\/v2\/pages"}],"about":[{"href":"https:\/\/www.edih-rheinland.eu\/en\/wp-json\/wp\/v2\/types\/page"}],"author":[{"embeddable":true,"href":"https:\/\/www.edih-rheinland.eu\/en\/wp-json\/wp\/v2\/users\/4"}],"replies":[{"embeddable":true,"href":"https:\/\/www.edih-rheinland.eu\/en\/wp-json\/wp\/v2\/comments?post=26"}],"version-history":[{"count":19,"href":"https:\/\/www.edih-rheinland.eu\/en\/wp-json\/wp\/v2\/pages\/26\/revisions"}],"predecessor-version":[{"id":2685,"href":"https:\/\/www.edih-rheinland.eu\/en\/wp-json\/wp\/v2\/pages\/26\/revisions\/2685"}],"wp:attachment":[{"href":"https:\/\/www.edih-rheinland.eu\/en\/wp-json\/wp\/v2\/media?parent=26"}],"curies":[{"name":"wp","href":"https:\/\/api.w.org\/{rel}","templated":true}]}}